{"id":512,"date":"2021-02-15T20:51:13","date_gmt":"2021-02-15T19:51:13","guid":{"rendered":"https:\/\/lesminimalys.fr\/?post_type=product&#038;p=512"},"modified":"2026-01-06T13:56:41","modified_gmt":"2026-01-06T12:56:41","slug":"le-petit-provencal","status":"publish","type":"product","link":"https:\/\/lesminimalys.fr\/?product=le-petit-provencal","title":{"rendered":"Le petit proven\u00e7al"},"content":{"rendered":"<p style=\"text-align: left;\">Offrez-vous un moment de d\u00e9tente gr\u00e2ce \u00e0 la douce odeur estivale de notre savon naturel \u00ab\u00a0Le petit Proven\u00e7al\u00a0\u00bb. Parsem\u00e9 de fleurs de Lavandin, il et enrichi en huiles essentielles.<\/p>\n<p style=\"text-align: left;\">Notre savon naturel \u00ab\u00a0Le petit Proven\u00e7al\u00a0\u00bb est compos\u00e9 d&rsquo;huile de tournesol**, d&rsquo;olive**, de coco*, de colza**, de glyc\u00e9rine naturelle (issu du proc\u00e9d\u00e9 de fabrication), et d&rsquo;huiles essentielles de romarin** et de lavandin grosso**. Les huiles v\u00e9g\u00e9tales qui le composent apportent douceur et hydratation \u00e0 votre peau.<\/p>\n<ul>\n<li><em>L&rsquo;huile essentielle de lavandin grosso<\/em> **(<em>Lavandula hybrida grosso<\/em>) est particuli\u00e8rement indiqu\u00e9 en cas de douleurs, de contractures musculaires, de stress, d&rsquo;anxi\u00e9t\u00e9, de troubles du sommeil et pour procurer d\u00e9tente et relaxation.<\/li>\n<li><em>L&rsquo;huile essentielle de Romarin camphr\u00e9**<\/em> (<em>Rosmarinus officinalis CT camphre<\/em>) est r\u00e9put\u00e9e pour \u00eatre antalgique, relaxante et antioxydante.<\/li>\n<\/ul>\n<p>* issu de l&rsquo;agriculture biologique.<\/p>\n<p>** issu de l&rsquo;agriculture biologique et de productions fran\u00e7aises.<\/p>\n<p style=\"text-align: left;\"><strong><em>Conseils d&rsquo;utilisation :<\/em><\/strong> Conserver \u00e0 l&rsquo;abri de l&rsquo;humidit\u00e9 pour garder votre savon plus longtemps. Eviter tout contact avec les yeux.<\/p>\n<p>Pour en savoir plus sur les conditions d&rsquo;utilisation et de conservation de nos savons consultez notre <strong><a href=\"https:\/\/lesminimalys.fr\/?page_id=1323\">FAQ<\/a><\/strong>.<\/p>\n<p><em><strong>Pr\u00e9caution d&#8217;emploi<\/strong> <\/em>: Ne pas utiliser chez la femme enceinte et chez l&rsquo;enfant de moins de 3 ans.<\/p>\n<p style=\"text-align: left;\">Tous nos savons sont emball\u00e9s dans du papier recycl\u00e9 biod\u00e9gradable et recyclable. Ils contribuent ainsi \u00e0 une d\u00e9marche z\u00e9ro impact, respectueuse de l&rsquo;environnement et de la plan\u00e8te.<\/p>\n<h6 style=\"text-align: left;\"><em>Ingr\u00e9dient : Sodium sunflowerate, heliantus annuus seed oil, sodium olivate, olea europaea oil, sodium cocoate, cocos nucifera oil, sodium rapeseedate, brassica campestris seed oil, lavandula hybrida oil, rosmarinus officinalis flower oil, ultramarine and silica CI 77007, linalool, limon\u00e8ne.<\/em><\/h6>\n","protected":false},"excerpt":{"rendered":"<h3 style=\"text-align: center;\">Savon naturel aux huiles essentielles de Lavandin et de Romarin de Provence.<\/h3>\n<p><img decoding=\"async\" class=\"wp-image-1140 aligncenter\" src=\"https:\/\/lesminimalys.fr\/wp-content\/uploads\/2021\/03\/Made-in-france-fabrication-francais.jpeg\" alt=\"\" width=\"69\" height=\"69\" srcset=\"https:\/\/lesminimalys.fr\/wp-content\/uploads\/2021\/03\/Made-in-france-fabrication-francais.jpeg 225w, https:\/\/lesminimalys.fr\/wp-content\/uploads\/2021\/03\/Made-in-france-fabrication-francais-100x100.jpeg 100w, https:\/\/lesminimalys.fr\/wp-content\/uploads\/2021\/03\/Made-in-france-fabrication-francais-150x150.jpeg 150w\" sizes=\"(max-width: 69px) 100vw, 69px\" \/><\/p>\n","protected":false},"featured_media":1763,"template":"","meta":{"_monsterinsights_skip_tracking":false,"_monsterinsights_sitenote_active":false,"_monsterinsights_sitenote_note":"","_monsterinsights_sitenote_category":0,"_glsr_average":0,"_glsr_ranking":0,"_glsr_reviews":0},"product_brand":[],"product_cat":[18],"product_tag":[],"class_list":{"0":"post-512","1":"product","2":"type-product","3":"status-publish","4":"has-post-thumbnail","6":"product_cat-savons","8":"entry","9":"has-media","11":"first","12":"instock","13":"taxable","14":"shipping-taxable","15":"purchasable","16":"product-type-variable","17":"has-product-nav","18":"col","19":"span_1_of_3","20":"owp-content-center","21":"owp-thumbs-layout-horizontal","22":"owp-btn-normal","23":"owp-tabs-layout-horizontal"},"yoast_head":"<!-- This site is optimized with the Yoast SEO plugin v26.8 - https:\/\/yoast.com\/product\/yoast-seo-wordpress\/ -->\n<title>Le petit proven\u00e7al - Savon naturel saponifi\u00e9 \u00e0 froid - Les Minimalys<\/title>\n<meta name=\"description\" content=\"Le petit Proven\u00e7al - Savon 100% naturel saponifi\u00e9 \u00e0 froid artisanalement. Ingr\u00e9dients issus de l&#039;agriculture biologique et de productions fran\u00e7aises.\" \/>\n<meta name=\"robots\" content=\"index, follow, max-snippet:-1, max-image-preview:large, max-video-preview:-1\" \/>\n<link rel=\"canonical\" href=\"https:\/\/lesminimalys.fr\/?product=le-petit-provencal\" \/>\n<meta property=\"og:locale\" content=\"fr_FR\" \/>\n<meta property=\"og:type\" content=\"article\" \/>\n<meta property=\"og:title\" content=\"Le petit proven\u00e7al - Savon naturel saponifi\u00e9 \u00e0 froid - Les Minimalys\" \/>\n<meta property=\"og:description\" content=\"Le petit Proven\u00e7al - Savon 100% naturel saponifi\u00e9 \u00e0 froid artisanalement. Ingr\u00e9dients issus de l&#039;agriculture biologique et de productions fran\u00e7aises.\" \/>\n<meta property=\"og:url\" content=\"https:\/\/lesminimalys.fr\/?product=le-petit-provencal\" \/>\n<meta property=\"og:site_name\" content=\"Les Minimalys\" \/>\n<meta property=\"article:publisher\" content=\"https:\/\/www.facebook.com\/lesminimalys\" \/>\n<meta property=\"article:modified_time\" content=\"2026-01-06T12:56:41+00:00\" \/>\n<meta property=\"og:image\" content=\"https:\/\/lesminimalys.fr\/wp-content\/uploads\/2021\/02\/171289105_891462958317553_4111002748419028921_n-e1684153689120.jpg\" \/>\n\t<meta property=\"og:image:width\" content=\"1300\" \/>\n\t<meta property=\"og:image:height\" content=\"867\" \/>\n\t<meta property=\"og:image:type\" content=\"image\/jpeg\" \/>\n<meta name=\"twitter:card\" content=\"summary_large_image\" \/>\n<meta name=\"twitter:label1\" content=\"Dur\u00e9e de lecture estim\u00e9e\" \/>\n\t<meta name=\"twitter:data1\" content=\"2 minutes\" \/>\n<script type=\"application\/ld+json\" class=\"yoast-schema-graph\">{\"@context\":\"https:\/\/schema.org\",\"@graph\":[{\"@type\":\"WebPage\",\"@id\":\"https:\/\/lesminimalys.fr\/?product=le-petit-provencal\",\"url\":\"https:\/\/lesminimalys.fr\/?product=le-petit-provencal\",\"name\":\"Le petit proven\u00e7al - Savon naturel saponifi\u00e9 \u00e0 froid - Les Minimalys\",\"isPartOf\":{\"@id\":\"https:\/\/lesminimalys.fr\/#website\"},\"primaryImageOfPage\":{\"@id\":\"https:\/\/lesminimalys.fr\/?product=le-petit-provencal#primaryimage\"},\"image\":{\"@id\":\"https:\/\/lesminimalys.fr\/?product=le-petit-provencal#primaryimage\"},\"thumbnailUrl\":\"https:\/\/lesminimalys.fr\/wp-content\/uploads\/2021\/02\/171289105_891462958317553_4111002748419028921_n-e1684153689120.jpg\",\"datePublished\":\"2021-02-15T19:51:13+00:00\",\"dateModified\":\"2026-01-06T12:56:41+00:00\",\"description\":\"Le petit Proven\u00e7al - Savon 100% naturel saponifi\u00e9 \u00e0 froid artisanalement. Ingr\u00e9dients issus de l'agriculture biologique et de productions fran\u00e7aises.\",\"breadcrumb\":{\"@id\":\"https:\/\/lesminimalys.fr\/?product=le-petit-provencal#breadcrumb\"},\"inLanguage\":\"fr-FR\",\"potentialAction\":[{\"@type\":\"ReadAction\",\"target\":[\"https:\/\/lesminimalys.fr\/?product=le-petit-provencal\"]}]},{\"@type\":\"ImageObject\",\"inLanguage\":\"fr-FR\",\"@id\":\"https:\/\/lesminimalys.fr\/?product=le-petit-provencal#primaryimage\",\"url\":\"https:\/\/lesminimalys.fr\/wp-content\/uploads\/2021\/02\/171289105_891462958317553_4111002748419028921_n-e1684153689120.jpg\",\"contentUrl\":\"https:\/\/lesminimalys.fr\/wp-content\/uploads\/2021\/02\/171289105_891462958317553_4111002748419028921_n-e1684153689120.jpg\",\"width\":1300,\"height\":867,\"caption\":\"savon proven\u00e7al saponifi\u00e9 \u00e0 froid\"},{\"@type\":\"BreadcrumbList\",\"@id\":\"https:\/\/lesminimalys.fr\/?product=le-petit-provencal#breadcrumb\",\"itemListElement\":[{\"@type\":\"ListItem\",\"position\":1,\"name\":\"Accueil\",\"item\":\"https:\/\/lesminimalys.fr\/\"},{\"@type\":\"ListItem\",\"position\":2,\"name\":\"Boutique\",\"item\":\"https:\/\/lesminimalys.fr\/?page_id=435\"},{\"@type\":\"ListItem\",\"position\":3,\"name\":\"Le petit proven\u00e7al\"}]},{\"@type\":\"WebSite\",\"@id\":\"https:\/\/lesminimalys.fr\/#website\",\"url\":\"https:\/\/lesminimalys.fr\/\",\"name\":\"Les Minimalys\",\"description\":\"Savonnerie Artisanale\",\"publisher\":{\"@id\":\"https:\/\/lesminimalys.fr\/#organization\"},\"potentialAction\":[{\"@type\":\"SearchAction\",\"target\":{\"@type\":\"EntryPoint\",\"urlTemplate\":\"https:\/\/lesminimalys.fr\/?s={search_term_string}\"},\"query-input\":{\"@type\":\"PropertyValueSpecification\",\"valueRequired\":true,\"valueName\":\"search_term_string\"}}],\"inLanguage\":\"fr-FR\"},{\"@type\":\"Organization\",\"@id\":\"https:\/\/lesminimalys.fr\/#organization\",\"name\":\"Les Minimalys\",\"url\":\"https:\/\/lesminimalys.fr\/\",\"logo\":{\"@type\":\"ImageObject\",\"inLanguage\":\"fr-FR\",\"@id\":\"https:\/\/lesminimalys.fr\/#\/schema\/logo\/image\/\",\"url\":\"https:\/\/lesminimalys.fr\/wp-content\/uploads\/2021\/02\/cropped-cropped-cropped-cropped-logo-savonnerie-1.png\",\"contentUrl\":\"https:\/\/lesminimalys.fr\/wp-content\/uploads\/2021\/02\/cropped-cropped-cropped-cropped-logo-savonnerie-1.png\",\"width\":500,\"height\":148,\"caption\":\"Les Minimalys\"},\"image\":{\"@id\":\"https:\/\/lesminimalys.fr\/#\/schema\/logo\/image\/\"},\"sameAs\":[\"https:\/\/www.facebook.com\/lesminimalys\",\"https:\/\/www.instagram.com\/lesminimalys\/\"]}]}<\/script>\n<!-- \/ Yoast SEO plugin. -->","yoast_head_json":{"title":"Le petit proven\u00e7al - Savon naturel saponifi\u00e9 \u00e0 froid - Les Minimalys","description":"Le petit Proven\u00e7al - Savon 100% naturel saponifi\u00e9 \u00e0 froid artisanalement. Ingr\u00e9dients issus de l'agriculture biologique et de productions fran\u00e7aises.","robots":{"index":"index","follow":"follow","max-snippet":"max-snippet:-1","max-image-preview":"max-image-preview:large","max-video-preview":"max-video-preview:-1"},"canonical":"https:\/\/lesminimalys.fr\/?product=le-petit-provencal","og_locale":"fr_FR","og_type":"article","og_title":"Le petit proven\u00e7al - Savon naturel saponifi\u00e9 \u00e0 froid - Les Minimalys","og_description":"Le petit Proven\u00e7al - Savon 100% naturel saponifi\u00e9 \u00e0 froid artisanalement. Ingr\u00e9dients issus de l'agriculture biologique et de productions fran\u00e7aises.","og_url":"https:\/\/lesminimalys.fr\/?product=le-petit-provencal","og_site_name":"Les Minimalys","article_publisher":"https:\/\/www.facebook.com\/lesminimalys","article_modified_time":"2026-01-06T12:56:41+00:00","og_image":[{"width":1300,"height":867,"url":"https:\/\/lesminimalys.fr\/wp-content\/uploads\/2021\/02\/171289105_891462958317553_4111002748419028921_n-e1684153689120.jpg","type":"image\/jpeg"}],"twitter_card":"summary_large_image","twitter_misc":{"Dur\u00e9e de lecture estim\u00e9e":"2 minutes"},"schema":{"@context":"https:\/\/schema.org","@graph":[{"@type":"WebPage","@id":"https:\/\/lesminimalys.fr\/?product=le-petit-provencal","url":"https:\/\/lesminimalys.fr\/?product=le-petit-provencal","name":"Le petit proven\u00e7al - Savon naturel saponifi\u00e9 \u00e0 froid - Les Minimalys","isPartOf":{"@id":"https:\/\/lesminimalys.fr\/#website"},"primaryImageOfPage":{"@id":"https:\/\/lesminimalys.fr\/?product=le-petit-provencal#primaryimage"},"image":{"@id":"https:\/\/lesminimalys.fr\/?product=le-petit-provencal#primaryimage"},"thumbnailUrl":"https:\/\/lesminimalys.fr\/wp-content\/uploads\/2021\/02\/171289105_891462958317553_4111002748419028921_n-e1684153689120.jpg","datePublished":"2021-02-15T19:51:13+00:00","dateModified":"2026-01-06T12:56:41+00:00","description":"Le petit Proven\u00e7al - Savon 100% naturel saponifi\u00e9 \u00e0 froid artisanalement. Ingr\u00e9dients issus de l'agriculture biologique et de productions fran\u00e7aises.","breadcrumb":{"@id":"https:\/\/lesminimalys.fr\/?product=le-petit-provencal#breadcrumb"},"inLanguage":"fr-FR","potentialAction":[{"@type":"ReadAction","target":["https:\/\/lesminimalys.fr\/?product=le-petit-provencal"]}]},{"@type":"ImageObject","inLanguage":"fr-FR","@id":"https:\/\/lesminimalys.fr\/?product=le-petit-provencal#primaryimage","url":"https:\/\/lesminimalys.fr\/wp-content\/uploads\/2021\/02\/171289105_891462958317553_4111002748419028921_n-e1684153689120.jpg","contentUrl":"https:\/\/lesminimalys.fr\/wp-content\/uploads\/2021\/02\/171289105_891462958317553_4111002748419028921_n-e1684153689120.jpg","width":1300,"height":867,"caption":"savon proven\u00e7al saponifi\u00e9 \u00e0 froid"},{"@type":"BreadcrumbList","@id":"https:\/\/lesminimalys.fr\/?product=le-petit-provencal#breadcrumb","itemListElement":[{"@type":"ListItem","position":1,"name":"Accueil","item":"https:\/\/lesminimalys.fr\/"},{"@type":"ListItem","position":2,"name":"Boutique","item":"https:\/\/lesminimalys.fr\/?page_id=435"},{"@type":"ListItem","position":3,"name":"Le petit proven\u00e7al"}]},{"@type":"WebSite","@id":"https:\/\/lesminimalys.fr\/#website","url":"https:\/\/lesminimalys.fr\/","name":"Les Minimalys","description":"Savonnerie Artisanale","publisher":{"@id":"https:\/\/lesminimalys.fr\/#organization"},"potentialAction":[{"@type":"SearchAction","target":{"@type":"EntryPoint","urlTemplate":"https:\/\/lesminimalys.fr\/?s={search_term_string}"},"query-input":{"@type":"PropertyValueSpecification","valueRequired":true,"valueName":"search_term_string"}}],"inLanguage":"fr-FR"},{"@type":"Organization","@id":"https:\/\/lesminimalys.fr\/#organization","name":"Les Minimalys","url":"https:\/\/lesminimalys.fr\/","logo":{"@type":"ImageObject","inLanguage":"fr-FR","@id":"https:\/\/lesminimalys.fr\/#\/schema\/logo\/image\/","url":"https:\/\/lesminimalys.fr\/wp-content\/uploads\/2021\/02\/cropped-cropped-cropped-cropped-logo-savonnerie-1.png","contentUrl":"https:\/\/lesminimalys.fr\/wp-content\/uploads\/2021\/02\/cropped-cropped-cropped-cropped-logo-savonnerie-1.png","width":500,"height":148,"caption":"Les Minimalys"},"image":{"@id":"https:\/\/lesminimalys.fr\/#\/schema\/logo\/image\/"},"sameAs":["https:\/\/www.facebook.com\/lesminimalys","https:\/\/www.instagram.com\/lesminimalys\/"]}]}},"jetpack_sharing_enabled":true,"_links":{"self":[{"href":"https:\/\/lesminimalys.fr\/index.php?rest_route=\/wp\/v2\/product\/512","targetHints":{"allow":["GET"]}}],"collection":[{"href":"https:\/\/lesminimalys.fr\/index.php?rest_route=\/wp\/v2\/product"}],"about":[{"href":"https:\/\/lesminimalys.fr\/index.php?rest_route=\/wp\/v2\/types\/product"}],"wp:featuredmedia":[{"embeddable":true,"href":"https:\/\/lesminimalys.fr\/index.php?rest_route=\/wp\/v2\/media\/1763"}],"wp:attachment":[{"href":"https:\/\/lesminimalys.fr\/index.php?rest_route=%2Fwp%2Fv2%2Fmedia&parent=512"}],"wp:term":[{"taxonomy":"product_brand","embeddable":true,"href":"https:\/\/lesminimalys.fr\/index.php?rest_route=%2Fwp%2Fv2%2Fproduct_brand&post=512"},{"taxonomy":"product_cat","embeddable":true,"href":"https:\/\/lesminimalys.fr\/index.php?rest_route=%2Fwp%2Fv2%2Fproduct_cat&post=512"},{"taxonomy":"product_tag","embeddable":true,"href":"https:\/\/lesminimalys.fr\/index.php?rest_route=%2Fwp%2Fv2%2Fproduct_tag&post=512"}],"curies":[{"name":"wp","href":"https:\/\/api.w.org\/{rel}","templated":true}]}}