{"id":445,"date":"2021-02-13T14:36:45","date_gmt":"2021-02-13T13:36:45","guid":{"rendered":"http:\/\/lesminimalys.fr\/?post_type=product&#038;p=445"},"modified":"2026-01-16T07:07:34","modified_gmt":"2026-01-16T06:07:34","slug":"savon-naturel-artisanal-3","status":"publish","type":"product","link":"https:\/\/lesminimalys.fr\/?product=savon-naturel-artisanal-3","title":{"rendered":"Savon m\u00e9nager \u00e0 la terre de Sommi\u00e8res"},"content":{"rendered":"<p>Il vient r\u00e9volutionner votre cuisine ! d\u00e9couvrez notre <strong>savon m\u00e9nager solide<\/strong> saponifi\u00e9 \u00e0 froid \u00e0 base de Terre de Sommi\u00e8res et \u00e0 l&rsquo;huile essentielle d&rsquo;arbre \u00e0 th\u00e9.<\/p>\n<p>Excellent d\u00e9tachant et absorbant, la terre de Sommi\u00e8res est utilis\u00e9 depuis le 19\u00b0 si\u00e8cle. C&rsquo;est une argile naturelle au fort pouvoir d\u00e9tachant efficace contre les t\u00e2ches de fruits, de caf\u00e9, de th\u00e9, d&rsquo;herbes, de sang, de graisse, de vin, d&rsquo;encre&#8230;<\/p>\n<p>Id\u00e9al pour la vaisselle, il suffit de frotter notre savon m\u00e9nager sur une \u00e9ponge pour lib\u00e9rer sa mousse g\u00e9n\u00e9reuse, et de faire votre vaisselle comme \u00e0 votre habitude.<\/p>\n<p>Il permet aussi de d\u00e9tacher \u00e0 sec les textiles les plus d\u00e9licats : rideaux, tapis, moquettes, si\u00e8ges de voitures et de d\u00e9tacher avant lavage les cols, poignets de chemises et t\u00e2ches localis\u00e9s.<\/p>\n<p>Ecologique, \u00e9conomique et biod\u00e9gradable, ce savon est sans r\u00e9sidus nocifs pour vos canalisations, comme le reste de nos produits.<\/p>\n<p>Plus de liquide vaisselle qui pollue les eaux us\u00e9es, plus de flacons en plastique qui surpeuplent les d\u00e9charges !<\/p>\n<p><strong><em>Conseils d&rsquo;utilisation<\/em> <\/strong>: A conserver \u00e0 l&rsquo;abri de l&rsquo;humidit\u00e9 pour garder votre savon plus longtemps. Eviter tout contact avec les yeux.<\/p>\n<p>Pour en savoir plus sur les conditions d&rsquo;utilisation et de conservation de nos savons, consultez notre <strong><a href=\"https:\/\/lesminimalys.fr\/?page_id=1323\">FAQ<\/a><\/strong>.<\/p>\n<p>Tous nos savons sont emball\u00e9s dans du papier recycl\u00e9, biod\u00e9gradable et recyclable. Ils contribuent ainsi \u00e0 une d\u00e9marche z\u00e9ro impact, respectueuse de l&rsquo;environnement et de la plan\u00e8te.<\/p>\n<h6>Ingr\u00e9dients : Sodium sunflowerate, helianthus annuus seed oil, sodium cocoate, cocos nucifera oil, sodium rapseedate, brassica campestris seed oil, fuller&rsquo;s earth, melaleuca alternifolia leaf oil.<\/h6>\n","protected":false},"excerpt":{"rendered":"<h3 style=\"text-align: center;\">Savon m\u00e9nager \u00e0 la Terre de Sommi\u00e8res.<\/h3>\n<p><img decoding=\"async\" class=\"wp-image-1140 aligncenter\" src=\"https:\/\/lesminimalys.fr\/wp-content\/uploads\/2021\/03\/Made-in-france-fabrication-francais.jpeg\" alt=\"\" width=\"69\" height=\"69\" srcset=\"https:\/\/lesminimalys.fr\/wp-content\/uploads\/2021\/03\/Made-in-france-fabrication-francais.jpeg 225w, https:\/\/lesminimalys.fr\/wp-content\/uploads\/2021\/03\/Made-in-france-fabrication-francais-100x100.jpeg 100w, https:\/\/lesminimalys.fr\/wp-content\/uploads\/2021\/03\/Made-in-france-fabrication-francais-150x150.jpeg 150w\" sizes=\"(max-width: 69px) 100vw, 69px\" \/><\/p>\n","protected":false},"featured_media":1771,"template":"","meta":{"_monsterinsights_skip_tracking":false,"_monsterinsights_sitenote_active":false,"_monsterinsights_sitenote_note":"","_monsterinsights_sitenote_category":0,"_glsr_average":0,"_glsr_ranking":0,"_glsr_reviews":0},"product_brand":[],"product_cat":[19],"product_tag":[],"class_list":{"0":"post-445","1":"product","2":"type-product","3":"status-publish","4":"has-post-thumbnail","6":"product_cat-produits-menagers","8":"entry","9":"has-media","11":"first","12":"outofstock","13":"taxable","14":"shipping-taxable","15":"purchasable","16":"product-type-variable","17":"has-product-nav","18":"col","19":"span_1_of_3","20":"owp-content-center","21":"owp-thumbs-layout-horizontal","22":"owp-btn-normal","23":"owp-tabs-layout-horizontal"},"yoast_head":"<!-- This site is optimized with the Yoast SEO plugin v26.8 - https:\/\/yoast.com\/product\/yoast-seo-wordpress\/ -->\n<title>Savon m\u00e9nager \u00e0 la terre de Sommi\u00e8res - Les Minimalys<\/title>\n<meta name=\"description\" content=\"Savon m\u00e9nager 100% naturel \u00e0 la terre de Sommi\u00e8res, id\u00e9al pour la vaisselle, pour faire sa lessive home made et pour d\u00e9tacher avant lavage.\" \/>\n<meta name=\"robots\" content=\"index, follow, max-snippet:-1, max-image-preview:large, max-video-preview:-1\" \/>\n<link rel=\"canonical\" href=\"https:\/\/lesminimalys.fr\/?product=savon-naturel-artisanal-3\" \/>\n<meta property=\"og:locale\" content=\"fr_FR\" \/>\n<meta property=\"og:type\" content=\"article\" \/>\n<meta property=\"og:title\" content=\"Savon m\u00e9nager \u00e0 la terre de Sommi\u00e8res - Les Minimalys\" \/>\n<meta property=\"og:description\" content=\"Savon m\u00e9nager 100% naturel \u00e0 la terre de Sommi\u00e8res, id\u00e9al pour la vaisselle, pour faire sa lessive home made et pour d\u00e9tacher avant lavage.\" \/>\n<meta property=\"og:url\" content=\"https:\/\/lesminimalys.fr\/?product=savon-naturel-artisanal-3\" \/>\n<meta property=\"og:site_name\" content=\"Les Minimalys\" \/>\n<meta property=\"article:publisher\" content=\"https:\/\/www.facebook.com\/lesminimalys\" \/>\n<meta property=\"article:modified_time\" content=\"2026-01-16T06:07:34+00:00\" \/>\n<meta property=\"og:image\" content=\"https:\/\/lesminimalys.fr\/wp-content\/uploads\/2021\/02\/170032602_795268221402622_5063075905383896758_n-e1618066865275.jpg\" \/>\n\t<meta property=\"og:image:width\" content=\"1300\" \/>\n\t<meta property=\"og:image:height\" content=\"1607\" \/>\n\t<meta property=\"og:image:type\" content=\"image\/jpeg\" \/>\n<meta name=\"twitter:card\" content=\"summary_large_image\" \/>\n<meta name=\"twitter:label1\" content=\"Dur\u00e9e de lecture estim\u00e9e\" \/>\n\t<meta name=\"twitter:data1\" content=\"2 minutes\" \/>\n<script type=\"application\/ld+json\" class=\"yoast-schema-graph\">{\"@context\":\"https:\/\/schema.org\",\"@graph\":[{\"@type\":\"WebPage\",\"@id\":\"https:\/\/lesminimalys.fr\/?product=savon-naturel-artisanal-3\",\"url\":\"https:\/\/lesminimalys.fr\/?product=savon-naturel-artisanal-3\",\"name\":\"Savon m\u00e9nager \u00e0 la terre de Sommi\u00e8res - Les Minimalys\",\"isPartOf\":{\"@id\":\"https:\/\/lesminimalys.fr\/#website\"},\"primaryImageOfPage\":{\"@id\":\"https:\/\/lesminimalys.fr\/?product=savon-naturel-artisanal-3#primaryimage\"},\"image\":{\"@id\":\"https:\/\/lesminimalys.fr\/?product=savon-naturel-artisanal-3#primaryimage\"},\"thumbnailUrl\":\"https:\/\/lesminimalys.fr\/wp-content\/uploads\/2021\/02\/170032602_795268221402622_5063075905383896758_n-e1618066865275.jpg\",\"datePublished\":\"2021-02-13T13:36:45+00:00\",\"dateModified\":\"2026-01-16T06:07:34+00:00\",\"description\":\"Savon m\u00e9nager 100% naturel \u00e0 la terre de Sommi\u00e8res, id\u00e9al pour la vaisselle, pour faire sa lessive home made et pour d\u00e9tacher avant lavage.\",\"breadcrumb\":{\"@id\":\"https:\/\/lesminimalys.fr\/?product=savon-naturel-artisanal-3#breadcrumb\"},\"inLanguage\":\"fr-FR\",\"potentialAction\":[{\"@type\":\"ReadAction\",\"target\":[\"https:\/\/lesminimalys.fr\/?product=savon-naturel-artisanal-3\"]}]},{\"@type\":\"ImageObject\",\"inLanguage\":\"fr-FR\",\"@id\":\"https:\/\/lesminimalys.fr\/?product=savon-naturel-artisanal-3#primaryimage\",\"url\":\"https:\/\/lesminimalys.fr\/wp-content\/uploads\/2021\/02\/170032602_795268221402622_5063075905383896758_n-e1618066865275.jpg\",\"contentUrl\":\"https:\/\/lesminimalys.fr\/wp-content\/uploads\/2021\/02\/170032602_795268221402622_5063075905383896758_n-e1618066865275.jpg\",\"width\":1300,\"height\":1607,\"caption\":\"savon m\u00e9nager\"},{\"@type\":\"BreadcrumbList\",\"@id\":\"https:\/\/lesminimalys.fr\/?product=savon-naturel-artisanal-3#breadcrumb\",\"itemListElement\":[{\"@type\":\"ListItem\",\"position\":1,\"name\":\"Accueil\",\"item\":\"https:\/\/lesminimalys.fr\/\"},{\"@type\":\"ListItem\",\"position\":2,\"name\":\"Boutique\",\"item\":\"https:\/\/lesminimalys.fr\/?page_id=435\"},{\"@type\":\"ListItem\",\"position\":3,\"name\":\"Savon m\u00e9nager \u00e0 la terre de Sommi\u00e8res\"}]},{\"@type\":\"WebSite\",\"@id\":\"https:\/\/lesminimalys.fr\/#website\",\"url\":\"https:\/\/lesminimalys.fr\/\",\"name\":\"Les Minimalys\",\"description\":\"Savonnerie Artisanale\",\"publisher\":{\"@id\":\"https:\/\/lesminimalys.fr\/#organization\"},\"potentialAction\":[{\"@type\":\"SearchAction\",\"target\":{\"@type\":\"EntryPoint\",\"urlTemplate\":\"https:\/\/lesminimalys.fr\/?s={search_term_string}\"},\"query-input\":{\"@type\":\"PropertyValueSpecification\",\"valueRequired\":true,\"valueName\":\"search_term_string\"}}],\"inLanguage\":\"fr-FR\"},{\"@type\":\"Organization\",\"@id\":\"https:\/\/lesminimalys.fr\/#organization\",\"name\":\"Les Minimalys\",\"url\":\"https:\/\/lesminimalys.fr\/\",\"logo\":{\"@type\":\"ImageObject\",\"inLanguage\":\"fr-FR\",\"@id\":\"https:\/\/lesminimalys.fr\/#\/schema\/logo\/image\/\",\"url\":\"https:\/\/lesminimalys.fr\/wp-content\/uploads\/2021\/02\/cropped-cropped-cropped-cropped-logo-savonnerie-1.png\",\"contentUrl\":\"https:\/\/lesminimalys.fr\/wp-content\/uploads\/2021\/02\/cropped-cropped-cropped-cropped-logo-savonnerie-1.png\",\"width\":500,\"height\":148,\"caption\":\"Les Minimalys\"},\"image\":{\"@id\":\"https:\/\/lesminimalys.fr\/#\/schema\/logo\/image\/\"},\"sameAs\":[\"https:\/\/www.facebook.com\/lesminimalys\",\"https:\/\/www.instagram.com\/lesminimalys\/\"]}]}<\/script>\n<!-- \/ Yoast SEO plugin. -->","yoast_head_json":{"title":"Savon m\u00e9nager \u00e0 la terre de Sommi\u00e8res - Les Minimalys","description":"Savon m\u00e9nager 100% naturel \u00e0 la terre de Sommi\u00e8res, id\u00e9al pour la vaisselle, pour faire sa lessive home made et pour d\u00e9tacher avant lavage.","robots":{"index":"index","follow":"follow","max-snippet":"max-snippet:-1","max-image-preview":"max-image-preview:large","max-video-preview":"max-video-preview:-1"},"canonical":"https:\/\/lesminimalys.fr\/?product=savon-naturel-artisanal-3","og_locale":"fr_FR","og_type":"article","og_title":"Savon m\u00e9nager \u00e0 la terre de Sommi\u00e8res - Les Minimalys","og_description":"Savon m\u00e9nager 100% naturel \u00e0 la terre de Sommi\u00e8res, id\u00e9al pour la vaisselle, pour faire sa lessive home made et pour d\u00e9tacher avant lavage.","og_url":"https:\/\/lesminimalys.fr\/?product=savon-naturel-artisanal-3","og_site_name":"Les Minimalys","article_publisher":"https:\/\/www.facebook.com\/lesminimalys","article_modified_time":"2026-01-16T06:07:34+00:00","og_image":[{"width":1300,"height":1607,"url":"https:\/\/lesminimalys.fr\/wp-content\/uploads\/2021\/02\/170032602_795268221402622_5063075905383896758_n-e1618066865275.jpg","type":"image\/jpeg"}],"twitter_card":"summary_large_image","twitter_misc":{"Dur\u00e9e de lecture estim\u00e9e":"2 minutes"},"schema":{"@context":"https:\/\/schema.org","@graph":[{"@type":"WebPage","@id":"https:\/\/lesminimalys.fr\/?product=savon-naturel-artisanal-3","url":"https:\/\/lesminimalys.fr\/?product=savon-naturel-artisanal-3","name":"Savon m\u00e9nager \u00e0 la terre de Sommi\u00e8res - Les Minimalys","isPartOf":{"@id":"https:\/\/lesminimalys.fr\/#website"},"primaryImageOfPage":{"@id":"https:\/\/lesminimalys.fr\/?product=savon-naturel-artisanal-3#primaryimage"},"image":{"@id":"https:\/\/lesminimalys.fr\/?product=savon-naturel-artisanal-3#primaryimage"},"thumbnailUrl":"https:\/\/lesminimalys.fr\/wp-content\/uploads\/2021\/02\/170032602_795268221402622_5063075905383896758_n-e1618066865275.jpg","datePublished":"2021-02-13T13:36:45+00:00","dateModified":"2026-01-16T06:07:34+00:00","description":"Savon m\u00e9nager 100% naturel \u00e0 la terre de Sommi\u00e8res, id\u00e9al pour la vaisselle, pour faire sa lessive home made et pour d\u00e9tacher avant lavage.","breadcrumb":{"@id":"https:\/\/lesminimalys.fr\/?product=savon-naturel-artisanal-3#breadcrumb"},"inLanguage":"fr-FR","potentialAction":[{"@type":"ReadAction","target":["https:\/\/lesminimalys.fr\/?product=savon-naturel-artisanal-3"]}]},{"@type":"ImageObject","inLanguage":"fr-FR","@id":"https:\/\/lesminimalys.fr\/?product=savon-naturel-artisanal-3#primaryimage","url":"https:\/\/lesminimalys.fr\/wp-content\/uploads\/2021\/02\/170032602_795268221402622_5063075905383896758_n-e1618066865275.jpg","contentUrl":"https:\/\/lesminimalys.fr\/wp-content\/uploads\/2021\/02\/170032602_795268221402622_5063075905383896758_n-e1618066865275.jpg","width":1300,"height":1607,"caption":"savon m\u00e9nager"},{"@type":"BreadcrumbList","@id":"https:\/\/lesminimalys.fr\/?product=savon-naturel-artisanal-3#breadcrumb","itemListElement":[{"@type":"ListItem","position":1,"name":"Accueil","item":"https:\/\/lesminimalys.fr\/"},{"@type":"ListItem","position":2,"name":"Boutique","item":"https:\/\/lesminimalys.fr\/?page_id=435"},{"@type":"ListItem","position":3,"name":"Savon m\u00e9nager \u00e0 la terre de Sommi\u00e8res"}]},{"@type":"WebSite","@id":"https:\/\/lesminimalys.fr\/#website","url":"https:\/\/lesminimalys.fr\/","name":"Les Minimalys","description":"Savonnerie Artisanale","publisher":{"@id":"https:\/\/lesminimalys.fr\/#organization"},"potentialAction":[{"@type":"SearchAction","target":{"@type":"EntryPoint","urlTemplate":"https:\/\/lesminimalys.fr\/?s={search_term_string}"},"query-input":{"@type":"PropertyValueSpecification","valueRequired":true,"valueName":"search_term_string"}}],"inLanguage":"fr-FR"},{"@type":"Organization","@id":"https:\/\/lesminimalys.fr\/#organization","name":"Les Minimalys","url":"https:\/\/lesminimalys.fr\/","logo":{"@type":"ImageObject","inLanguage":"fr-FR","@id":"https:\/\/lesminimalys.fr\/#\/schema\/logo\/image\/","url":"https:\/\/lesminimalys.fr\/wp-content\/uploads\/2021\/02\/cropped-cropped-cropped-cropped-logo-savonnerie-1.png","contentUrl":"https:\/\/lesminimalys.fr\/wp-content\/uploads\/2021\/02\/cropped-cropped-cropped-cropped-logo-savonnerie-1.png","width":500,"height":148,"caption":"Les Minimalys"},"image":{"@id":"https:\/\/lesminimalys.fr\/#\/schema\/logo\/image\/"},"sameAs":["https:\/\/www.facebook.com\/lesminimalys","https:\/\/www.instagram.com\/lesminimalys\/"]}]}},"jetpack_sharing_enabled":true,"_links":{"self":[{"href":"https:\/\/lesminimalys.fr\/index.php?rest_route=\/wp\/v2\/product\/445","targetHints":{"allow":["GET"]}}],"collection":[{"href":"https:\/\/lesminimalys.fr\/index.php?rest_route=\/wp\/v2\/product"}],"about":[{"href":"https:\/\/lesminimalys.fr\/index.php?rest_route=\/wp\/v2\/types\/product"}],"wp:featuredmedia":[{"embeddable":true,"href":"https:\/\/lesminimalys.fr\/index.php?rest_route=\/wp\/v2\/media\/1771"}],"wp:attachment":[{"href":"https:\/\/lesminimalys.fr\/index.php?rest_route=%2Fwp%2Fv2%2Fmedia&parent=445"}],"wp:term":[{"taxonomy":"product_brand","embeddable":true,"href":"https:\/\/lesminimalys.fr\/index.php?rest_route=%2Fwp%2Fv2%2Fproduct_brand&post=445"},{"taxonomy":"product_cat","embeddable":true,"href":"https:\/\/lesminimalys.fr\/index.php?rest_route=%2Fwp%2Fv2%2Fproduct_cat&post=445"},{"taxonomy":"product_tag","embeddable":true,"href":"https:\/\/lesminimalys.fr\/index.php?rest_route=%2Fwp%2Fv2%2Fproduct_tag&post=445"}],"curies":[{"name":"wp","href":"https:\/\/api.w.org\/{rel}","templated":true}]}}