{"id":2463,"date":"2021-11-22T11:46:49","date_gmt":"2021-11-22T10:46:49","guid":{"rendered":"https:\/\/lesminimalys.fr\/?post_type=product&#038;p=2463"},"modified":"2026-01-06T13:54:58","modified_gmt":"2026-01-06T12:54:58","slug":"savon-carotte","status":"publish","type":"product","link":"https:\/\/lesminimalys.fr\/?product=savon-carotte","title":{"rendered":"Savon \u00e0 la Carotte"},"content":{"rendered":"<p>Savon 100% naturel surgras \u00e0 la carotte, garanti sans huile de palme, sans EDTA, sans parab\u00e8nes.<\/p>\n<p>Issu d&rsquo;une saponification \u00e0 froid artisanale, il est compos\u00e9 d&rsquo;huile d&rsquo;olive*, de tournesol**, de coco*, de beurre de karit\u00e9* et de glyc\u00e9rine naturelle, de pur\u00e9e de carottes**, de curcuma*, de paprika* et d&rsquo;huiles essentielles de petit grain bigarade* et de niaouli*.<\/p>\n<p>La pur\u00e9e de carottes est naturellement riche en vitamine A, C, et E, b\u00e9ta carot\u00e8nes et autres carot\u00e9no\u00efdes ce qui lui conf\u00e8re des propri\u00e9t\u00e9s antioxydantes, hydratantes et donc anti-\u00e2ge.<\/p>\n<p>Le curcuma, \u00e9pice \u00e0 la couleur chaude venue d\u2019Asie, est un puissant antioxydant. Concentr\u00e9 en vitamine C, il apporte aux peaux s\u00e8ches ses vertus hydratante, c\u2019est un alli\u00e9 pr\u00e9cieux contre le vieillissement de la peau. Ses propri\u00e9t\u00e9s anti-inflammatoires en feront \u00e9galement un soin tr\u00e8s appr\u00e9ci\u00e9 des peaux sensibles.<\/p>\n<p>Notre savon naturel \u00e0 la carotte est donc recommand\u00e9 pour les peaux matures auxquelles il redonne jeunesse et \u00e9clat, et pour les peaux sensibles.<\/p>\n<p>*<em>issu de l&rsquo;agriculture biologique<\/em><\/p>\n<p>**<em>issu de l&rsquo;agriculture biologique et de productions fran\u00e7aises<\/em><\/p>\n<p><em><strong>Conseils d&rsquo;utilisation<\/strong><\/em> : A conserver \u00e0 l\u2019abri de l\u2019humidit\u00e9 pour garder votre savon plus longtemps. Eviter tout contact avec les yeux.<\/p>\n<p>Pour en savoir plus sur les conditions d\u2019utilisation et de conservation de nos savons, consultez notre\u00a0<strong><a href=\"https:\/\/lesminimalys.fr\/?page_id=1323\">FAQ<\/a>.<\/strong><\/p>\n<p>Tous nos savons sont emball\u00e9s dans du papier recycl\u00e9 biod\u00e9gradable et recyclable. Ils contribuent ainsi \u00e0 une d\u00e9marche z\u00e9ro impact respectueuse de l\u2019environnement et de la plan\u00e8te.<\/p>\n<h6>Composition : Sodium olivate, Aqua, Sodium sunflowerseedate, Sodium cocoate, Butyrospermum parkii butter, Curcuma longa root powder, Capsicum annuum extract, Glycerin, Citrus aurantium ssp amara leaf oil, Melaleuca quiquenervia CT cineol leaf oil<\/h6>\n","protected":false},"excerpt":{"rendered":"<h3 style=\"text-align: center;\">Savon naturel surgras, \u00e0 la pur\u00e9e de Carottes bio, Curcuma, Paprika et aux huiles essentielles de Petit grain Bigaradier et de Niaouli<\/h3>\n<p><img decoding=\"async\" class=\"wp-image-1140 aligncenter\" src=\"https:\/\/lesminimalys.fr\/wp-content\/uploads\/2021\/03\/Made-in-france-fabrication-francais.jpeg\" alt=\"\" width=\"73\" height=\"73\" srcset=\"https:\/\/lesminimalys.fr\/wp-content\/uploads\/2021\/03\/Made-in-france-fabrication-francais.jpeg 225w, https:\/\/lesminimalys.fr\/wp-content\/uploads\/2021\/03\/Made-in-france-fabrication-francais-100x100.jpeg 100w, https:\/\/lesminimalys.fr\/wp-content\/uploads\/2021\/03\/Made-in-france-fabrication-francais-150x150.jpeg 150w\" sizes=\"(max-width: 73px) 100vw, 73px\" \/><\/p>\n","protected":false},"featured_media":2666,"template":"","meta":{"_monsterinsights_skip_tracking":false,"_monsterinsights_sitenote_active":false,"_monsterinsights_sitenote_note":"","_monsterinsights_sitenote_category":0,"_glsr_average":0,"_glsr_ranking":0,"_glsr_reviews":0},"product_brand":[],"product_cat":[18],"product_tag":[],"class_list":{"0":"post-2463","1":"product","2":"type-product","3":"status-publish","4":"has-post-thumbnail","6":"product_cat-savons","8":"entry","9":"has-media","11":"first","12":"instock","13":"taxable","14":"shipping-taxable","15":"purchasable","16":"product-type-variable","17":"has-product-nav","18":"col","19":"span_1_of_3","20":"owp-content-center","21":"owp-thumbs-layout-horizontal","22":"owp-btn-normal","23":"owp-tabs-layout-horizontal"},"yoast_head":"<!-- This site is optimized with the Yoast SEO plugin v26.8 - https:\/\/yoast.com\/product\/yoast-seo-wordpress\/ -->\n<title>Savon naturel \u00e0 la Carotte - Les Minimalys -<\/title>\n<meta name=\"description\" content=\"Savon naturel artisanal Carotte Curcuma saponifi\u00e9 \u00e0 froid. Naturellement anti oxydant, hydratant et anti-\u00e2ge. Peaux matures et sensibles.\" \/>\n<meta name=\"robots\" content=\"index, follow, max-snippet:-1, max-image-preview:large, max-video-preview:-1\" \/>\n<link rel=\"canonical\" href=\"https:\/\/lesminimalys.fr\/?product=savon-carotte\" \/>\n<meta property=\"og:locale\" content=\"fr_FR\" \/>\n<meta property=\"og:type\" content=\"article\" \/>\n<meta property=\"og:title\" content=\"Savon naturel \u00e0 la Carotte - Les Minimalys -\" \/>\n<meta property=\"og:description\" content=\"Savon naturel artisanal Carotte Curcuma saponifi\u00e9 \u00e0 froid. Naturellement anti oxydant, hydratant et anti-\u00e2ge. Peaux matures et sensibles.\" \/>\n<meta property=\"og:url\" content=\"https:\/\/lesminimalys.fr\/?product=savon-carotte\" \/>\n<meta property=\"og:site_name\" content=\"Les Minimalys\" \/>\n<meta property=\"article:publisher\" content=\"https:\/\/www.facebook.com\/lesminimalys\" \/>\n<meta property=\"article:modified_time\" content=\"2026-01-06T12:54:58+00:00\" \/>\n<meta property=\"og:image\" content=\"https:\/\/lesminimalys.fr\/wp-content\/uploads\/2021\/11\/DSC_0355-scaled-e1647598474858.jpg\" \/>\n\t<meta property=\"og:image:width\" content=\"1300\" \/>\n\t<meta property=\"og:image:height\" content=\"1863\" \/>\n\t<meta property=\"og:image:type\" content=\"image\/jpeg\" \/>\n<meta name=\"twitter:card\" content=\"summary_large_image\" \/>\n<meta name=\"twitter:label1\" content=\"Dur\u00e9e de lecture estim\u00e9e\" \/>\n\t<meta name=\"twitter:data1\" content=\"2 minutes\" \/>\n<script type=\"application\/ld+json\" class=\"yoast-schema-graph\">{\"@context\":\"https:\/\/schema.org\",\"@graph\":[{\"@type\":\"WebPage\",\"@id\":\"https:\/\/lesminimalys.fr\/?product=savon-carotte\",\"url\":\"https:\/\/lesminimalys.fr\/?product=savon-carotte\",\"name\":\"Savon naturel \u00e0 la Carotte - Les Minimalys -\",\"isPartOf\":{\"@id\":\"https:\/\/lesminimalys.fr\/#website\"},\"primaryImageOfPage\":{\"@id\":\"https:\/\/lesminimalys.fr\/?product=savon-carotte#primaryimage\"},\"image\":{\"@id\":\"https:\/\/lesminimalys.fr\/?product=savon-carotte#primaryimage\"},\"thumbnailUrl\":\"https:\/\/lesminimalys.fr\/wp-content\/uploads\/2021\/11\/DSC_0355-scaled-e1647598474858.jpg\",\"datePublished\":\"2021-11-22T10:46:49+00:00\",\"dateModified\":\"2026-01-06T12:54:58+00:00\",\"description\":\"Savon naturel artisanal Carotte Curcuma saponifi\u00e9 \u00e0 froid. Naturellement anti oxydant, hydratant et anti-\u00e2ge. Peaux matures et sensibles.\",\"breadcrumb\":{\"@id\":\"https:\/\/lesminimalys.fr\/?product=savon-carotte#breadcrumb\"},\"inLanguage\":\"fr-FR\",\"potentialAction\":[{\"@type\":\"ReadAction\",\"target\":[\"https:\/\/lesminimalys.fr\/?product=savon-carotte\"]}]},{\"@type\":\"ImageObject\",\"inLanguage\":\"fr-FR\",\"@id\":\"https:\/\/lesminimalys.fr\/?product=savon-carotte#primaryimage\",\"url\":\"https:\/\/lesminimalys.fr\/wp-content\/uploads\/2021\/11\/DSC_0355-scaled-e1647598474858.jpg\",\"contentUrl\":\"https:\/\/lesminimalys.fr\/wp-content\/uploads\/2021\/11\/DSC_0355-scaled-e1647598474858.jpg\",\"width\":1300,\"height\":1863,\"caption\":\"savon naturel \u00e0 la carotte\"},{\"@type\":\"BreadcrumbList\",\"@id\":\"https:\/\/lesminimalys.fr\/?product=savon-carotte#breadcrumb\",\"itemListElement\":[{\"@type\":\"ListItem\",\"position\":1,\"name\":\"Accueil\",\"item\":\"https:\/\/lesminimalys.fr\/\"},{\"@type\":\"ListItem\",\"position\":2,\"name\":\"Boutique\",\"item\":\"https:\/\/lesminimalys.fr\/?page_id=435\"},{\"@type\":\"ListItem\",\"position\":3,\"name\":\"Savon \u00e0 la Carotte\"}]},{\"@type\":\"WebSite\",\"@id\":\"https:\/\/lesminimalys.fr\/#website\",\"url\":\"https:\/\/lesminimalys.fr\/\",\"name\":\"Les Minimalys\",\"description\":\"Savonnerie Artisanale\",\"publisher\":{\"@id\":\"https:\/\/lesminimalys.fr\/#organization\"},\"potentialAction\":[{\"@type\":\"SearchAction\",\"target\":{\"@type\":\"EntryPoint\",\"urlTemplate\":\"https:\/\/lesminimalys.fr\/?s={search_term_string}\"},\"query-input\":{\"@type\":\"PropertyValueSpecification\",\"valueRequired\":true,\"valueName\":\"search_term_string\"}}],\"inLanguage\":\"fr-FR\"},{\"@type\":\"Organization\",\"@id\":\"https:\/\/lesminimalys.fr\/#organization\",\"name\":\"Les Minimalys\",\"url\":\"https:\/\/lesminimalys.fr\/\",\"logo\":{\"@type\":\"ImageObject\",\"inLanguage\":\"fr-FR\",\"@id\":\"https:\/\/lesminimalys.fr\/#\/schema\/logo\/image\/\",\"url\":\"https:\/\/lesminimalys.fr\/wp-content\/uploads\/2021\/02\/cropped-cropped-cropped-cropped-logo-savonnerie-1.png\",\"contentUrl\":\"https:\/\/lesminimalys.fr\/wp-content\/uploads\/2021\/02\/cropped-cropped-cropped-cropped-logo-savonnerie-1.png\",\"width\":500,\"height\":148,\"caption\":\"Les Minimalys\"},\"image\":{\"@id\":\"https:\/\/lesminimalys.fr\/#\/schema\/logo\/image\/\"},\"sameAs\":[\"https:\/\/www.facebook.com\/lesminimalys\",\"https:\/\/www.instagram.com\/lesminimalys\/\"]}]}<\/script>\n<!-- \/ Yoast SEO plugin. -->","yoast_head_json":{"title":"Savon naturel \u00e0 la Carotte - Les Minimalys -","description":"Savon naturel artisanal Carotte Curcuma saponifi\u00e9 \u00e0 froid. Naturellement anti oxydant, hydratant et anti-\u00e2ge. Peaux matures et sensibles.","robots":{"index":"index","follow":"follow","max-snippet":"max-snippet:-1","max-image-preview":"max-image-preview:large","max-video-preview":"max-video-preview:-1"},"canonical":"https:\/\/lesminimalys.fr\/?product=savon-carotte","og_locale":"fr_FR","og_type":"article","og_title":"Savon naturel \u00e0 la Carotte - Les Minimalys -","og_description":"Savon naturel artisanal Carotte Curcuma saponifi\u00e9 \u00e0 froid. Naturellement anti oxydant, hydratant et anti-\u00e2ge. Peaux matures et sensibles.","og_url":"https:\/\/lesminimalys.fr\/?product=savon-carotte","og_site_name":"Les Minimalys","article_publisher":"https:\/\/www.facebook.com\/lesminimalys","article_modified_time":"2026-01-06T12:54:58+00:00","og_image":[{"width":1300,"height":1863,"url":"https:\/\/lesminimalys.fr\/wp-content\/uploads\/2021\/11\/DSC_0355-scaled-e1647598474858.jpg","type":"image\/jpeg"}],"twitter_card":"summary_large_image","twitter_misc":{"Dur\u00e9e de lecture estim\u00e9e":"2 minutes"},"schema":{"@context":"https:\/\/schema.org","@graph":[{"@type":"WebPage","@id":"https:\/\/lesminimalys.fr\/?product=savon-carotte","url":"https:\/\/lesminimalys.fr\/?product=savon-carotte","name":"Savon naturel \u00e0 la Carotte - Les Minimalys -","isPartOf":{"@id":"https:\/\/lesminimalys.fr\/#website"},"primaryImageOfPage":{"@id":"https:\/\/lesminimalys.fr\/?product=savon-carotte#primaryimage"},"image":{"@id":"https:\/\/lesminimalys.fr\/?product=savon-carotte#primaryimage"},"thumbnailUrl":"https:\/\/lesminimalys.fr\/wp-content\/uploads\/2021\/11\/DSC_0355-scaled-e1647598474858.jpg","datePublished":"2021-11-22T10:46:49+00:00","dateModified":"2026-01-06T12:54:58+00:00","description":"Savon naturel artisanal Carotte Curcuma saponifi\u00e9 \u00e0 froid. Naturellement anti oxydant, hydratant et anti-\u00e2ge. Peaux matures et sensibles.","breadcrumb":{"@id":"https:\/\/lesminimalys.fr\/?product=savon-carotte#breadcrumb"},"inLanguage":"fr-FR","potentialAction":[{"@type":"ReadAction","target":["https:\/\/lesminimalys.fr\/?product=savon-carotte"]}]},{"@type":"ImageObject","inLanguage":"fr-FR","@id":"https:\/\/lesminimalys.fr\/?product=savon-carotte#primaryimage","url":"https:\/\/lesminimalys.fr\/wp-content\/uploads\/2021\/11\/DSC_0355-scaled-e1647598474858.jpg","contentUrl":"https:\/\/lesminimalys.fr\/wp-content\/uploads\/2021\/11\/DSC_0355-scaled-e1647598474858.jpg","width":1300,"height":1863,"caption":"savon naturel \u00e0 la carotte"},{"@type":"BreadcrumbList","@id":"https:\/\/lesminimalys.fr\/?product=savon-carotte#breadcrumb","itemListElement":[{"@type":"ListItem","position":1,"name":"Accueil","item":"https:\/\/lesminimalys.fr\/"},{"@type":"ListItem","position":2,"name":"Boutique","item":"https:\/\/lesminimalys.fr\/?page_id=435"},{"@type":"ListItem","position":3,"name":"Savon \u00e0 la Carotte"}]},{"@type":"WebSite","@id":"https:\/\/lesminimalys.fr\/#website","url":"https:\/\/lesminimalys.fr\/","name":"Les Minimalys","description":"Savonnerie Artisanale","publisher":{"@id":"https:\/\/lesminimalys.fr\/#organization"},"potentialAction":[{"@type":"SearchAction","target":{"@type":"EntryPoint","urlTemplate":"https:\/\/lesminimalys.fr\/?s={search_term_string}"},"query-input":{"@type":"PropertyValueSpecification","valueRequired":true,"valueName":"search_term_string"}}],"inLanguage":"fr-FR"},{"@type":"Organization","@id":"https:\/\/lesminimalys.fr\/#organization","name":"Les Minimalys","url":"https:\/\/lesminimalys.fr\/","logo":{"@type":"ImageObject","inLanguage":"fr-FR","@id":"https:\/\/lesminimalys.fr\/#\/schema\/logo\/image\/","url":"https:\/\/lesminimalys.fr\/wp-content\/uploads\/2021\/02\/cropped-cropped-cropped-cropped-logo-savonnerie-1.png","contentUrl":"https:\/\/lesminimalys.fr\/wp-content\/uploads\/2021\/02\/cropped-cropped-cropped-cropped-logo-savonnerie-1.png","width":500,"height":148,"caption":"Les Minimalys"},"image":{"@id":"https:\/\/lesminimalys.fr\/#\/schema\/logo\/image\/"},"sameAs":["https:\/\/www.facebook.com\/lesminimalys","https:\/\/www.instagram.com\/lesminimalys\/"]}]}},"jetpack_sharing_enabled":true,"_links":{"self":[{"href":"https:\/\/lesminimalys.fr\/index.php?rest_route=\/wp\/v2\/product\/2463","targetHints":{"allow":["GET"]}}],"collection":[{"href":"https:\/\/lesminimalys.fr\/index.php?rest_route=\/wp\/v2\/product"}],"about":[{"href":"https:\/\/lesminimalys.fr\/index.php?rest_route=\/wp\/v2\/types\/product"}],"wp:featuredmedia":[{"embeddable":true,"href":"https:\/\/lesminimalys.fr\/index.php?rest_route=\/wp\/v2\/media\/2666"}],"wp:attachment":[{"href":"https:\/\/lesminimalys.fr\/index.php?rest_route=%2Fwp%2Fv2%2Fmedia&parent=2463"}],"wp:term":[{"taxonomy":"product_brand","embeddable":true,"href":"https:\/\/lesminimalys.fr\/index.php?rest_route=%2Fwp%2Fv2%2Fproduct_brand&post=2463"},{"taxonomy":"product_cat","embeddable":true,"href":"https:\/\/lesminimalys.fr\/index.php?rest_route=%2Fwp%2Fv2%2Fproduct_cat&post=2463"},{"taxonomy":"product_tag","embeddable":true,"href":"https:\/\/lesminimalys.fr\/index.php?rest_route=%2Fwp%2Fv2%2Fproduct_tag&post=2463"}],"curies":[{"name":"wp","href":"https:\/\/api.w.org\/{rel}","templated":true}]}}